{"id":3126,"date":"2017-07-03T07:24:55","date_gmt":"2017-07-03T07:24:55","guid":{"rendered":"http:\/\/jellywp.com\/theme\/elono\/demo\/?page_id=3126"},"modified":"2017-07-03T07:24:55","modified_gmt":"2017-07-03T07:24:55","slug":"home-page-grid-with-sidebar","status":"publish","type":"page","link":"https:\/\/www.culture.gouv.sn\/index.php\/home-page-grid-with-sidebar\/","title":{"rendered":"Home Page Grid With Sidebar"},"content":{"rendered":"<div id=\"pl-3126\"  class=\"panel-layout\" ><div id=\"pg-3126-0\"  class=\"panel-grid panel-no-style\" ><div id=\"pgc-3126-0-0\"  class=\"panel-grid-cell\" ><div class=\"page_builder_slider page_builder_slider_single_wrapper jelly_homepage_builder\">\r\n        <div class=\"header-main-slider-large builder_main_single_home_slider\">\r\n        <div class=\"full_width_slider_builder\">\r\n            <div class=\"full-slider-main-home-wrapper  appear_animation  \">\r\n                <div class=\"full-slider-main-home single-item-slider jelly_loading_pro\">\r\n                                        <div class=\"item\">\r\n                        <div class=\"banner-carousel-item\">\r\n                                                        <span class=\"image_grid_header_absolute\" style=\"background-image: url('https:\/\/www.culture.gouv.sn\/wp-content\/uploads\/2024\/02\/9481.jpg')\"><\/span>\r\n                                                        <a href=\"https:\/\/www.culture.gouv.sn\/index.php\/2024\/02\/26\/honneur-au-cinema-senegalais-a-berlin\/\" class=\"link_grid_header_absolute\" title=\"Honneur au cin\u00e9ma s\u00e9n\u00e9galais \u00e0 Berlin\"><\/a>\r\n\r\n                            <div class=\"banner-container\">\r\n                                <span class=\"meta-category-small\"><a class=\"post-category-color-text\" style=\"background:#dd3333\" href=\"https:\/\/www.culture.gouv.sn\/index.php\/category\/actualites\/\">Actualit\u00e9s<\/a><\/span>                                <h5><a href=\"https:\/\/www.culture.gouv.sn\/index.php\/2024\/02\/26\/honneur-au-cinema-senegalais-a-berlin\/\">\r\n                                        Honneur au cin\u00e9ma s\u00e9n\u00e9galais \u00e0 Berlin<\/a><\/h5>\r\n\r\n                                <span class=\"jl_post_meta\" itemscope=\"\" itemprop=\"author\" itemtype=\"http:\/\/schema.org\/Person\"><span class=\"jl_author_img_w\" itemprop=\"name\"><img alt='' src='https:\/\/secure.gravatar.com\/avatar\/cc0f0b940557e2eeb10cc64e4182c37a?s=30&#038;d=mm&#038;r=g' srcset='https:\/\/secure.gravatar.com\/avatar\/cc0f0b940557e2eeb10cc64e4182c37a?s=60&#038;d=mm&#038;r=g 2x' class='avatar avatar-30 photo' height='30' width='30' loading='lazy'\/><a href=\"https:\/\/www.culture.gouv.sn\/index.php\/author\/admin1326\/\" title=\"Articles par MJSC\" rel=\"author\">MJSC<\/a><\/span><span class=\"post-date\"><i class=\"fa fa-clock-o\"><\/i>26 f\u00e9vrier 2024<\/span><\/span><\/span>                            <\/div>\r\n                        <\/div>\r\n                    <\/div>\r\n                                        <div class=\"item\">\r\n                        <div class=\"banner-carousel-item\">\r\n                                                        <span class=\"image_grid_header_absolute\" style=\"background-image: url('https:\/\/www.culture.gouv.sn\/wp-content\/uploads\/2024\/02\/IMG-20240209-WA0021-1600x982.jpg')\"><\/span>\r\n                                                        <a href=\"https:\/\/www.culture.gouv.sn\/index.php\/2024\/02\/12\/repertoire-des-metiers-de-la-culture-les-acteurs-valident\/\" class=\"link_grid_header_absolute\" title=\"R\u00e9pertoire des m\u00e9tiers de la culture: Les acteurs valident\"><\/a>\r\n\r\n                            <div class=\"banner-container\">\r\n                                <span class=\"meta-category-small\"><a class=\"post-category-color-text\" style=\"background:#dd3333\" href=\"https:\/\/www.culture.gouv.sn\/index.php\/category\/actualites\/\">Actualit\u00e9s<\/a><\/span>                                <h5><a href=\"https:\/\/www.culture.gouv.sn\/index.php\/2024\/02\/12\/repertoire-des-metiers-de-la-culture-les-acteurs-valident\/\">\r\n                                        R\u00e9pertoire des m\u00e9tiers de la culture: Les acteurs valident<\/a><\/h5>\r\n\r\n                                <span class=\"jl_post_meta\" itemscope=\"\" itemprop=\"author\" itemtype=\"http:\/\/schema.org\/Person\"><span class=\"jl_author_img_w\" itemprop=\"name\"><img alt='' src='https:\/\/secure.gravatar.com\/avatar\/cc0f0b940557e2eeb10cc64e4182c37a?s=30&#038;d=mm&#038;r=g' srcset='https:\/\/secure.gravatar.com\/avatar\/cc0f0b940557e2eeb10cc64e4182c37a?s=60&#038;d=mm&#038;r=g 2x' class='avatar avatar-30 photo' height='30' width='30' loading='lazy'\/><a href=\"https:\/\/www.culture.gouv.sn\/index.php\/author\/admin1326\/\" title=\"Articles par MJSC\" rel=\"author\">MJSC<\/a><\/span><span class=\"post-date\"><i class=\"fa fa-clock-o\"><\/i>12 f\u00e9vrier 2024<\/span><\/span><\/span>                            <\/div>\r\n                        <\/div>\r\n                    <\/div>\r\n                                        <div class=\"item\">\r\n                        <div class=\"banner-carousel-item\">\r\n                                                        <span class=\"image_grid_header_absolute\" style=\"background-image: url('https:\/\/www.culture.gouv.sn\/wp-content\/uploads\/2024\/02\/IMG-20240212-WA0001-1920x982.jpg')\"><\/span>\r\n                                                        <a href=\"https:\/\/www.culture.gouv.sn\/index.php\/2024\/02\/12\/cooperation-culturelle-senegal-inde\/\" class=\"link_grid_header_absolute\" title=\"Coop\u00e9ration culturelle S\u00e9n\u00e9gal-Inde\"><\/a>\r\n\r\n                            <div class=\"banner-container\">\r\n                                <span class=\"meta-category-small\"><a class=\"post-category-color-text\" style=\"background:#dd3333\" href=\"https:\/\/www.culture.gouv.sn\/index.php\/category\/actualites\/\">Actualit\u00e9s<\/a><\/span>                                <h5><a href=\"https:\/\/www.culture.gouv.sn\/index.php\/2024\/02\/12\/cooperation-culturelle-senegal-inde\/\">\r\n                                        Coop\u00e9ration culturelle S\u00e9n\u00e9gal-Inde<\/a><\/h5>\r\n\r\n                                <span class=\"jl_post_meta\" itemscope=\"\" itemprop=\"author\" itemtype=\"http:\/\/schema.org\/Person\"><span class=\"jl_author_img_w\" itemprop=\"name\"><img alt='' src='https:\/\/secure.gravatar.com\/avatar\/cc0f0b940557e2eeb10cc64e4182c37a?s=30&#038;d=mm&#038;r=g' srcset='https:\/\/secure.gravatar.com\/avatar\/cc0f0b940557e2eeb10cc64e4182c37a?s=60&#038;d=mm&#038;r=g 2x' class='avatar avatar-30 photo' height='30' width='30' loading='lazy'\/><a href=\"https:\/\/www.culture.gouv.sn\/index.php\/author\/admin1326\/\" title=\"Articles par MJSC\" rel=\"author\">MJSC<\/a><\/span><span class=\"post-date\"><i class=\"fa fa-clock-o\"><\/i>12 f\u00e9vrier 2024<\/span><\/span><\/span>                            <\/div>\r\n                        <\/div>\r\n                    <\/div>\r\n                                    <\/div>\r\n            <\/div>\r\n        <\/div>\r\n    <\/div>\r\n<\/div>\r\n\r\n<\/div><\/div><\/div>","protected":false},"excerpt":{"rendered":"<p>Coop\u00e9ration culturelle S\u00e9n\u00e9gal-Inde L&rsquo;Orchestre national du S\u00e9n\u00e9gal prend part au \u00ab\u00a037th Surajkund international Crafts\u00a0 Mela\u00a0\u00bb, pr\u00e8s de New Dehli, Inde. A l&rsquo;occasion, une Exposition-vente de notre compatriote\u00a0 Touba S\u00c9NE a eu lieu dans le cadre de la coop\u00e9ration culturelle entre Dakar et New Delhi. Au total, une vingtaine d&rsquo;acteurs culturels envoy\u00e9s\u00a0 par le minist\u00e8re de [&hellip;]<\/p>\n","protected":false},"author":1,"featured_media":0,"parent":0,"menu_order":0,"comment_status":"closed","ping_status":"closed","template":"home-grid-sidebar.php","meta":{"ngg_post_thumbnail":0},"_links":{"self":[{"href":"https:\/\/www.culture.gouv.sn\/index.php\/wp-json\/wp\/v2\/pages\/3126"}],"collection":[{"href":"https:\/\/www.culture.gouv.sn\/index.php\/wp-json\/wp\/v2\/pages"}],"about":[{"href":"https:\/\/www.culture.gouv.sn\/index.php\/wp-json\/wp\/v2\/types\/page"}],"author":[{"embeddable":true,"href":"https:\/\/www.culture.gouv.sn\/index.php\/wp-json\/wp\/v2\/users\/1"}],"replies":[{"embeddable":true,"href":"https:\/\/www.culture.gouv.sn\/index.php\/wp-json\/wp\/v2\/comments?post=3126"}],"version-history":[{"count":0,"href":"https:\/\/www.culture.gouv.sn\/index.php\/wp-json\/wp\/v2\/pages\/3126\/revisions"}],"wp:attachment":[{"href":"https:\/\/www.culture.gouv.sn\/index.php\/wp-json\/wp\/v2\/media?parent=3126"}],"curies":[{"name":"wp","href":"https:\/\/api.w.org\/{rel}","templated":true}]}}