{"id":4779,"date":"2019-03-10T16:32:10","date_gmt":"2019-03-10T16:32:10","guid":{"rendered":"http:\/\/jellywp.com\/theme\/disto\/demo\/?page_id=4779"},"modified":"2019-03-10T16:32:10","modified_gmt":"2019-03-10T16:32:10","slug":"1st-full-then-grid","status":"publish","type":"page","link":"https:\/\/www.culture.gouv.sn\/index.php\/1st-full-then-grid\/","title":{"rendered":"1st Full Then Grid"},"content":{"rendered":"<div id=\"pl-4779\"  class=\"panel-layout\" ><div id=\"pg-4779-0\"  class=\"panel-grid panel-no-style\" ><div id=\"pgc-4779-0-0\"  class=\"panel-grid-cell\" ><div class=\"page_builder_slider page_builder_slider_single_wrapper jelly_homepage_builder\">\r\n        <div class=\"header-main-slider-large builder_main_single_home_slider\">\r\n        <div class=\"full_width_slider_builder\">\r\n            <div class=\"full-slider-main-home-wrapper  appear_animation  \">\r\n                <div class=\"full-slider-main-home single-item-slider jelly_loading_pro\">\r\n                                        <div class=\"item\">\r\n                        <div class=\"banner-carousel-item\">\r\n                                                        <span class=\"image_grid_header_absolute\" style=\"background-image: url('https:\/\/www.culture.gouv.sn\/wp-content\/uploads\/2023\/09\/IMG-20230929-WA0100.jpg')\"><\/span>\r\n                                                        <a href=\"https:\/\/www.culture.gouv.sn\/index.php\/2023\/09\/30\/banel-adama-projete-en-avant-premiere-au-senegal\/\" class=\"link_grid_header_absolute\" title=\"Banel &#038;Adama projet\u00e9 en avant-premi\u00e8re au S\u00e9n\u00e9gal\"><\/a>\r\n\r\n                            <div class=\"banner-container\">\r\n                                <span class=\"meta-category-small\"><a class=\"post-category-color-text\" style=\"background:#dd3333\" href=\"https:\/\/www.culture.gouv.sn\/index.php\/category\/actualites\/\">Actualit\u00e9s<\/a><\/span>                                <h5><a href=\"https:\/\/www.culture.gouv.sn\/index.php\/2023\/09\/30\/banel-adama-projete-en-avant-premiere-au-senegal\/\">\r\n                                        Banel &#038;Adama projet\u00e9 en avant-premi\u00e8re au S\u00e9n\u00e9gal<\/a><\/h5>\r\n\r\n                                <span class=\"jl_post_meta\" itemscope=\"\" itemprop=\"author\" itemtype=\"http:\/\/schema.org\/Person\"><span class=\"jl_author_img_w\" itemprop=\"name\"><img alt='' src='https:\/\/secure.gravatar.com\/avatar\/cc0f0b940557e2eeb10cc64e4182c37a?s=30&#038;d=mm&#038;r=g' srcset='https:\/\/secure.gravatar.com\/avatar\/cc0f0b940557e2eeb10cc64e4182c37a?s=60&#038;d=mm&#038;r=g 2x' class='avatar avatar-30 photo' height='30' width='30' loading='lazy'\/><a href=\"https:\/\/www.culture.gouv.sn\/index.php\/author\/admin1326\/\" title=\"Articles par MJSC\" rel=\"author\">MJSC<\/a><\/span><span class=\"post-date\"><i class=\"fa fa-clock-o\"><\/i>30 septembre 2023<\/span><\/span><\/span>                            <\/div>\r\n                        <\/div>\r\n                    <\/div>\r\n                                        <div class=\"item\">\r\n                        <div class=\"banner-carousel-item\">\r\n                                                        <span class=\"image_grid_header_absolute\" style=\"background-image: url('https:\/\/www.culture.gouv.sn\/wp-content\/uploads\/2023\/09\/IMG-20230925-WA0004.jpg')\"><\/span>\r\n                                                        <a href=\"https:\/\/www.culture.gouv.sn\/index.php\/2023\/09\/26\/conference-des-ministres-de-la-culture-de-la-umma-islamique-le-senegal-elu-a-la-vice-presidence\/\" class=\"link_grid_header_absolute\" title=\"Conf\u00e9rence des Ministres de la Culture de la Umma islamique: Le S\u00e9n\u00e9gal \u00e9lu \u00e0 la Vice-Pr\u00e9sidence\"><\/a>\r\n\r\n                            <div class=\"banner-container\">\r\n                                <span class=\"meta-category-small\"><a class=\"post-category-color-text\" style=\"background:#dd3333\" href=\"https:\/\/www.culture.gouv.sn\/index.php\/category\/actualites\/\">Actualit\u00e9s<\/a><\/span>                                <h5><a href=\"https:\/\/www.culture.gouv.sn\/index.php\/2023\/09\/26\/conference-des-ministres-de-la-culture-de-la-umma-islamique-le-senegal-elu-a-la-vice-presidence\/\">\r\n                                        Conf\u00e9rence des Ministres de la Culture de la Umma islamique: Le S\u00e9n\u00e9gal \u00e9lu \u00e0 la Vice-Pr\u00e9sidence<\/a><\/h5>\r\n\r\n                                <span class=\"jl_post_meta\" itemscope=\"\" itemprop=\"author\" itemtype=\"http:\/\/schema.org\/Person\"><span class=\"jl_author_img_w\" itemprop=\"name\"><img alt='' src='https:\/\/secure.gravatar.com\/avatar\/cc0f0b940557e2eeb10cc64e4182c37a?s=30&#038;d=mm&#038;r=g' srcset='https:\/\/secure.gravatar.com\/avatar\/cc0f0b940557e2eeb10cc64e4182c37a?s=60&#038;d=mm&#038;r=g 2x' class='avatar avatar-30 photo' height='30' width='30' loading='lazy'\/><a href=\"https:\/\/www.culture.gouv.sn\/index.php\/author\/admin1326\/\" title=\"Articles par MJSC\" rel=\"author\">MJSC<\/a><\/span><span class=\"post-date\"><i class=\"fa fa-clock-o\"><\/i>26 septembre 2023<\/span><\/span><\/span>                            <\/div>\r\n                        <\/div>\r\n                    <\/div>\r\n                                        <div class=\"item\">\r\n                        <div class=\"banner-carousel-item\">\r\n                                                        <span class=\"image_grid_header_absolute\" style=\"background-image: url('https:\/\/www.culture.gouv.sn\/wp-content\/uploads\/2023\/09\/gavron_755.jpg')\"><\/span>\r\n                                                        <a href=\"https:\/\/www.culture.gouv.sn\/index.php\/2023\/09\/15\/adieu-laurence-la-senegalaise\/\" class=\"link_grid_header_absolute\" title=\"Adieu Laurence, la S\u00e9n\u00e9galaise\"><\/a>\r\n\r\n                            <div class=\"banner-container\">\r\n                                <span class=\"meta-category-small\"><a class=\"post-category-color-text\" style=\"background:#dd3333\" href=\"https:\/\/www.culture.gouv.sn\/index.php\/category\/actualites\/\">Actualit\u00e9s<\/a><\/span>                                <h5><a href=\"https:\/\/www.culture.gouv.sn\/index.php\/2023\/09\/15\/adieu-laurence-la-senegalaise\/\">\r\n                                        Adieu Laurence, la S\u00e9n\u00e9galaise<\/a><\/h5>\r\n\r\n                                <span class=\"jl_post_meta\" itemscope=\"\" itemprop=\"author\" itemtype=\"http:\/\/schema.org\/Person\"><span class=\"jl_author_img_w\" itemprop=\"name\"><img alt='' src='https:\/\/secure.gravatar.com\/avatar\/cc0f0b940557e2eeb10cc64e4182c37a?s=30&#038;d=mm&#038;r=g' srcset='https:\/\/secure.gravatar.com\/avatar\/cc0f0b940557e2eeb10cc64e4182c37a?s=60&#038;d=mm&#038;r=g 2x' class='avatar avatar-30 photo' height='30' width='30' loading='lazy'\/><a href=\"https:\/\/www.culture.gouv.sn\/index.php\/author\/admin1326\/\" title=\"Articles par MJSC\" rel=\"author\">MJSC<\/a><\/span><span class=\"post-date\"><i class=\"fa fa-clock-o\"><\/i>15 septembre 2023<\/span><\/span><\/span>                            <\/div>\r\n                        <\/div>\r\n                    <\/div>\r\n                                    <\/div>\r\n            <\/div>\r\n        <\/div>\r\n    <\/div>\r\n<\/div>\r\n\r\n<\/div><\/div><div id=\"pg-4779-1\"  class=\"panel-grid panel-has-style\" ><div class=\"jl_sidebar panel-row-style panel-row-style-for-4779-1\" ><div id=\"pgc-4779-1-0\"  class=\"panel-grid-cell\" ><div class=\"jl_nonav_margin jelly_homepage_builder jl_large_grid jl-post-block-503856\"><div class=\"row jl_lg_row\">    <div class=\"col-md-12\">\r\n<div class=\"jl_large_builder jelly_homepage_builder\">        \r\n<div class=\"box jl_grid_layout1 blog_large_post_style\">\r\n        <div class=\"jl_front_l_w\">\r\n                    <span class=\"image_grid_header_absolute\" style=\"background-image: url('https:\/\/www.culture.gouv.sn\/wp-content\/uploads\/2021\/10\/Musee-Memorial.jpg')\"><\/span>\r\n                <a href=\"https:\/\/www.culture.gouv.sn\/index.php\/2021\/10\/01\/an-20-naufrage-le-joola-en-2002-un-musee-memoire-fonctionnel-et-un-programme-consensuel\/\" class=\"link_grid_header_absolute\" title=\"An 20 naufrage Le Joola en 2002 Un\u00a0Mus\u00e9e-M\u00e9moire fonctionnel\u00a0et un\u00a0programme consensuel \u00a0\"><\/a>\r\n\r\n     <span class=\"meta-category-small\"><a class=\"post-category-color-text\" style=\"background:#dd3333\" href=\"https:\/\/www.culture.gouv.sn\/index.php\/category\/actualites\/\">Actualit\u00e9s<\/a><a class=\"post-category-color-text\" style=\"background:#05350b\" href=\"https:\/\/www.culture.gouv.sn\/index.php\/category\/projets_en_cours_de_realisation\/\">Projets en cours de r\u00e9alisation<\/a><\/span>                 \r\n<\/div>\r\n    <div class=\"jl_post_title_top jl_large_format\">       \r\n        <h3 class=\"image-post-title\"><a href=\"https:\/\/www.culture.gouv.sn\/index.php\/2021\/10\/01\/an-20-naufrage-le-joola-en-2002-un-musee-memoire-fonctionnel-et-un-programme-consensuel\/\">\r\n                An 20 naufrage Le Joola en 2002 Un\u00a0Mus\u00e9e-M\u00e9moire fonctionnel\u00a0et un\u00a0programme consensuel \u00a0<\/a><\/h3>\r\n        <span class=\"single-post-meta-wrapper\"><span class=\"post-author\"><span itemprop=\"author\"><img alt='' src='https:\/\/secure.gravatar.com\/avatar\/cc0f0b940557e2eeb10cc64e4182c37a?s=30&#038;d=mm&#038;r=g' srcset='https:\/\/secure.gravatar.com\/avatar\/cc0f0b940557e2eeb10cc64e4182c37a?s=60&#038;d=mm&#038;r=g 2x' class='avatar avatar-30 photo' height='30' width='30' loading='lazy'\/><a href=\"https:\/\/www.culture.gouv.sn\/index.php\/author\/admin1326\/\" title=\"Articles par MJSC\" rel=\"author\">MJSC<\/a><\/span><\/span><span class=\"post-date updated\" itemprop=\"datePublished\"><i class=\"fa fa-clock-o\"><\/i>1 octobre 2021<\/span><span class=\"meta-comment\"><a href=\"https:\/\/www.culture.gouv.sn\/index.php\/2021\/10\/01\/an-20-naufrage-le-joola-en-2002-un-musee-memoire-fonctionnel-et-un-programme-consensuel\/#respond\"><i class=\"fa fa-comment\"><\/i>0<\/a><\/span><\/span>    <\/div>\r\n    <div class=\"post-entry-content\">\r\n        <div class=\"post-entry-content-wrapper\">\r\n            <div class=\"large_post_content\">\r\n                <p>\r\n                   An 20 naufrage Le Joola en 2002 Un\u00a0Mus\u00e9e-M\u00e9moire fonctionnel\u00a0et un\u00a0programme consensuel \u00a0 Le Pr\u00e9sident de la R\u00e9publique a demand\u00e9 au Gouvernement de pr\u00e9parer un programme consensuel pour la c\u00e9l\u00e9bration, l&rsquo;ann\u00e9e prochaine, du 20\u00e8me anniversaire...                <\/p>\r\n                <div class=\"jl_large_sw\">\r\n                 <a href=\"https:\/\/www.culture.gouv.sn\/index.php\/2021\/10\/01\/an-20-naufrage-le-joola-en-2002-un-musee-memoire-fonctionnel-et-un-programme-consensuel\/\" class=\"jl_large_more\">Lire Plus<\/a>             \r\n                            <ul class=\"jl_footer_social\">\r\n            <li><a href=\"http:\/\/www.facebook.com\/share.php?u=https:\/\/www.culture.gouv.sn\/index.php\/2021\/10\/01\/an-20-naufrage-le-joola-en-2002-un-musee-memoire-fonctionnel-et-un-programme-consensuel\/\" target=\"_blank\" class=\"facebook\"><i class=\"fa fa-facebook\"><\/i><\/a><\/li>\r\n            <li><a href=\"http:\/\/twitter.com\/home?status=https:\/\/www.culture.gouv.sn\/index.php\/2021\/10\/01\/an-20-naufrage-le-joola-en-2002-un-musee-memoire-fonctionnel-et-un-programme-consensuel\/%20-%20https:\/\/www.culture.gouv.sn\/index.php\/2021\/10\/01\/an-20-naufrage-le-joola-en-2002-un-musee-memoire-fonctionnel-et-un-programme-consensuel\/\" target=\"_blank\" class=\"twitter\"><i class=\"fa fa-twitter\"><\/i><\/a><\/li>\r\n            <li><a href=\"https:\/\/plus.google.com\/share?url=https:\/\/www.culture.gouv.sn\/index.php\/2021\/10\/01\/an-20-naufrage-le-joola-en-2002-un-musee-memoire-fonctionnel-et-un-programme-consensuel\/\" target=\"_blank\" class=\"google-plus\"><i class=\"fa fa-google-plus\"><\/i><\/a><\/li>\r\n            <li><a href=\"http:\/\/pinterest.com\/pin\/create\/button\/?url=https:\/\/www.culture.gouv.sn\/index.php\/2021\/10\/01\/an-20-naufrage-le-joola-en-2002-un-musee-memoire-fonctionnel-et-un-programme-consensuel\/&media=https:\/\/www.culture.gouv.sn\/wp-content\/uploads\/2021\/10\/Musee-Memorial.jpg\" target=\"_blank\" class=\"pinterest\"><i class=\"fa fa-pinterest\"><\/i><\/a><\/li>\r\n            <\/ul>\r\n                <\/div>\r\n            <\/div>\r\n        <\/div>\r\n    <\/div>\r\n<\/div>\r\n<\/div>\r\n<\/div>\r\n\r\n\r\n\r\n    <div class=\" jelly_homepage_builder homepage_builder_3grid_post jl_cus_grid2 jl_fontsize22 colstyle1\">\r\n<div class=\"col-md-4 blog_grid_post_style  jl_row_2\">\r\n             <div class=\"jl_grid_box_wrapper\">\r\n                <div class=\"image-post-thumb\">\r\n                    <a href=\"https:\/\/www.culture.gouv.sn\/index.php\/2021\/02\/04\/construction-du-memorial-de-goree-le-chef-de-letat-pour-le-respect-strict-des-delais\/\" class=\"link_image featured-thumbnail\" title=\"Construction du M\u00e9morial de Gor\u00e9e:  Le Chef de l\u2019Etat pour le respect strict des d\u00e9lais\">\r\n                        <img width=\"780\" height=\"450\" src=\"https:\/\/www.culture.gouv.sn\/wp-content\/uploads\/2021\/02\/tumblr_ncr8fcLD621tm9lnto4_r1_1280-780x450.jpg\" class=\"attachment-disto_large_feature_image size-disto_large_feature_image wp-post-image\" alt=\"\" loading=\"lazy\" \/>                        <div class=\"background_over_image\"><\/div>\r\n                    <\/a>\r\n                    <span class=\"meta-category-small\"><a class=\"post-category-color-text\" style=\"background:#dd3333\" href=\"https:\/\/www.culture.gouv.sn\/index.php\/category\/actualites\/\">Actualit\u00e9s<\/a><a class=\"post-category-color-text\" style=\"background:#05350b\" href=\"https:\/\/www.culture.gouv.sn\/index.php\/category\/projets_en_cours_de_realisation\/\">Projets en cours de r\u00e9alisation<\/a><\/span>                                \r\n                <\/div>\r\n                <div class=\"post-entry-content\">                                        \r\n                    <h3 class=\"image-post-title\"><a href=\"https:\/\/www.culture.gouv.sn\/index.php\/2021\/02\/04\/construction-du-memorial-de-goree-le-chef-de-letat-pour-le-respect-strict-des-delais\/\">\r\n                            Construction du M\u00e9morial de Gor\u00e9e:  Le Chef de l\u2019Etat pour le respect strict des d\u00e9lais<\/a><\/h3>\r\n                            <span class=\"jl_post_meta\" itemscope=\"\" itemprop=\"author\" itemtype=\"http:\/\/schema.org\/Person\"><span class=\"jl_author_img_w\" itemprop=\"name\"><img alt='' src='https:\/\/secure.gravatar.com\/avatar\/cc0f0b940557e2eeb10cc64e4182c37a?s=30&#038;d=mm&#038;r=g' srcset='https:\/\/secure.gravatar.com\/avatar\/cc0f0b940557e2eeb10cc64e4182c37a?s=60&#038;d=mm&#038;r=g 2x' class='avatar avatar-30 photo' height='30' width='30' loading='lazy'\/><a href=\"https:\/\/www.culture.gouv.sn\/index.php\/author\/admin1326\/\" title=\"Articles par MJSC\" rel=\"author\">MJSC<\/a><\/span><span class=\"post-date\"><i class=\"fa fa-clock-o\"><\/i>4 f\u00e9vrier 2021<\/span><\/span><\/span>                <div class=\"content_post_grid\">\r\n                <p>Construction du M\u00e9morial de Gor\u00e9e: Le Chef de l\u2019Etat pour le respect strict des d\u00e9lais La construction du M\u00e9morial...<\/p>\r\n                <\/div>\r\n                <\/div>\r\n                <\/div>\r\n            <\/div>\r\n            <\/div>\r\n\r\n\r\n\r\n    <div class=\" jelly_homepage_builder homepage_builder_3grid_post jl_cus_grid2 jl_fontsize22 colstyle1\">\r\n<div class=\"col-md-4 blog_grid_post_style  jl_row_3\">\r\n             <div class=\"jl_grid_box_wrapper\">\r\n                <div class=\"image-post-thumb\">\r\n                    <a href=\"https:\/\/www.culture.gouv.sn\/index.php\/2020\/08\/19\/projet-du-memorial-de-goree-en-image\/\" class=\"link_image featured-thumbnail\" title=\"Projet du M\u00e9morial de Gor\u00e9e en image\">\r\n                        <img width=\"361\" height=\"300\" src=\"https:\/\/www.culture.gouv.sn\/wp-content\/uploads\/2020\/08\/5443789-8121492.jpg\" class=\"attachment-disto_large_feature_image size-disto_large_feature_image wp-post-image\" alt=\"\" loading=\"lazy\" srcset=\"https:\/\/www.culture.gouv.sn\/wp-content\/uploads\/2020\/08\/5443789-8121492.jpg 361w, https:\/\/www.culture.gouv.sn\/wp-content\/uploads\/2020\/08\/5443789-8121492-300x249.jpg 300w, https:\/\/www.culture.gouv.sn\/wp-content\/uploads\/2020\/08\/5443789-8121492-24x20.jpg 24w, https:\/\/www.culture.gouv.sn\/wp-content\/uploads\/2020\/08\/5443789-8121492-36x30.jpg 36w, https:\/\/www.culture.gouv.sn\/wp-content\/uploads\/2020\/08\/5443789-8121492-48x40.jpg 48w\" sizes=\"(max-width: 361px) 100vw, 361px\" \/>                        <div class=\"background_over_image\"><\/div>\r\n                    <\/a>\r\n                    <span class=\"meta-category-small\"><a class=\"post-category-color-text\" style=\"background:#dd3333\" href=\"https:\/\/www.culture.gouv.sn\/index.php\/category\/actualites\/\">Actualit\u00e9s<\/a><a class=\"post-category-color-text\" style=\"background:#05350b\" href=\"https:\/\/www.culture.gouv.sn\/index.php\/category\/projets_en_cours_de_realisation\/\">Projets en cours de r\u00e9alisation<\/a><\/span>                                \r\n                <\/div>\r\n                <div class=\"post-entry-content\">                                        \r\n                    <h3 class=\"image-post-title\"><a href=\"https:\/\/www.culture.gouv.sn\/index.php\/2020\/08\/19\/projet-du-memorial-de-goree-en-image\/\">\r\n                            Projet du M\u00e9morial de Gor\u00e9e en image<\/a><\/h3>\r\n                            <span class=\"jl_post_meta\" itemscope=\"\" itemprop=\"author\" itemtype=\"http:\/\/schema.org\/Person\"><span class=\"jl_author_img_w\" itemprop=\"name\"><img alt='' src='https:\/\/secure.gravatar.com\/avatar\/cc0f0b940557e2eeb10cc64e4182c37a?s=30&#038;d=mm&#038;r=g' srcset='https:\/\/secure.gravatar.com\/avatar\/cc0f0b940557e2eeb10cc64e4182c37a?s=60&#038;d=mm&#038;r=g 2x' class='avatar avatar-30 photo' height='30' width='30' loading='lazy'\/><a href=\"https:\/\/www.culture.gouv.sn\/index.php\/author\/admin1326\/\" title=\"Articles par MJSC\" rel=\"author\">MJSC<\/a><\/span><span class=\"post-date\"><i class=\"fa fa-clock-o\"><\/i>19 ao\u00fbt 2020<\/span><\/span><\/span>                <div class=\"content_post_grid\">\r\n                <p>Projet du M\u00e9morial de Gor\u00e9e en image http:\/\/www.culture.gouv.sn\/wp-content\/uploads\/2020\/08\/videoMemorial-GOREE-draft.mp4<\/p>\r\n                <\/div>\r\n                <\/div>\r\n                <\/div>\r\n            <\/div>\r\n            <\/div>\r\n\r\n\r\n\r\n    <div class=\" jelly_homepage_builder homepage_builder_3grid_post jl_cus_grid2 jl_fontsize22 colstyle1\">\r\n<div class=\"col-md-4 blog_grid_post_style  jl_row_4\">\r\n             <div class=\"jl_grid_box_wrapper\">\r\n                <div class=\"image-post-thumb\">\r\n                    <a href=\"https:\/\/www.culture.gouv.sn\/index.php\/2019\/10\/09\/memorial-de-goree\/\" class=\"link_image featured-thumbnail\" title=\"M\u00e9morial de Gor\u00e9e\">\r\n                        <img width=\"604\" height=\"395\" src=\"https:\/\/www.culture.gouv.sn\/wp-content\/uploads\/2019\/10\/memorial.png\" class=\"attachment-disto_large_feature_image size-disto_large_feature_image wp-post-image\" alt=\"\" loading=\"lazy\" srcset=\"https:\/\/www.culture.gouv.sn\/wp-content\/uploads\/2019\/10\/memorial.png 604w, https:\/\/www.culture.gouv.sn\/wp-content\/uploads\/2019\/10\/memorial-600x392.png 600w, https:\/\/www.culture.gouv.sn\/wp-content\/uploads\/2019\/10\/memorial-300x196.png 300w\" sizes=\"(max-width: 604px) 100vw, 604px\" \/>                        <div class=\"background_over_image\"><\/div>\r\n                    <\/a>\r\n                    <span class=\"meta-category-small\"><a class=\"post-category-color-text\" style=\"background:#05350b\" href=\"https:\/\/www.culture.gouv.sn\/index.php\/category\/projets_en_cours_de_realisation\/\">Projets en cours de r\u00e9alisation<\/a><\/span>                                \r\n                <\/div>\r\n                <div class=\"post-entry-content\">                                        \r\n                    <h3 class=\"image-post-title\"><a href=\"https:\/\/www.culture.gouv.sn\/index.php\/2019\/10\/09\/memorial-de-goree\/\">\r\n                            M\u00e9morial de Gor\u00e9e<\/a><\/h3>\r\n                            <span class=\"jl_post_meta\" itemscope=\"\" itemprop=\"author\" itemtype=\"http:\/\/schema.org\/Person\"><span class=\"jl_author_img_w\" itemprop=\"name\"><img alt='' src='https:\/\/secure.gravatar.com\/avatar\/cc0f0b940557e2eeb10cc64e4182c37a?s=30&#038;d=mm&#038;r=g' srcset='https:\/\/secure.gravatar.com\/avatar\/cc0f0b940557e2eeb10cc64e4182c37a?s=60&#038;d=mm&#038;r=g 2x' class='avatar avatar-30 photo' height='30' width='30' loading='lazy'\/><a href=\"https:\/\/www.culture.gouv.sn\/index.php\/author\/admin1326\/\" title=\"Articles par MJSC\" rel=\"author\">MJSC<\/a><\/span><span class=\"post-date\"><i class=\"fa fa-clock-o\"><\/i>9 octobre 2019<\/span><\/span><\/span>                <div class=\"content_post_grid\">\r\n                <p>LE PROJET DU M\u00c9MORIAL DE GOR\u00c9E DANS SON\u00a0ACTUALIT\u00c9\u00a0: LES RAISONS POUR LE CONSTRUIRE\u00a0! \u00a0\u00a0\u00a0\u00a0\u00a0\u00a0\u00a0\u00a0\u00a0Au-del\u00e0 du devoir de m\u00e9moire, cause...<\/p>\r\n                <\/div>\r\n                <\/div>\r\n                <\/div>\r\n            <\/div>\r\n            <\/div>\r\n\r\n\r\n\r\n    <div class=\" jelly_homepage_builder homepage_builder_3grid_post jl_cus_grid2 jl_fontsize22 colstyle1\">\r\n<div class=\"col-md-4 blog_grid_post_style  jl_row_5\">\r\n             <div class=\"jl_grid_box_wrapper\">\r\n                <div class=\"image-post-thumb\">\r\n                    <a href=\"https:\/\/www.culture.gouv.sn\/index.php\/2019\/10\/09\/protection-de-lile-de-goree-contre-lerosion-cotiere\/\" class=\"link_image featured-thumbnail\" title=\"Protection de l\u2019\u00eele de Gor\u00e9e contre l\u2019\u00e9rosion c\u00f4ti\u00e8re\">\r\n                        <img width=\"780\" height=\"429\" src=\"https:\/\/www.culture.gouv.sn\/wp-content\/uploads\/2019\/08\/gor\u00e9e-780x429.jpg\" class=\"attachment-disto_large_feature_image size-disto_large_feature_image wp-post-image\" alt=\"\" loading=\"lazy\" srcset=\"https:\/\/www.culture.gouv.sn\/wp-content\/uploads\/2019\/08\/gor\u00e9e-780x429.jpg 780w, https:\/\/www.culture.gouv.sn\/wp-content\/uploads\/2019\/08\/gor\u00e9e-400x220.jpg 400w\" sizes=\"(max-width: 780px) 100vw, 780px\" \/>                        <div class=\"background_over_image\"><\/div>\r\n                    <\/a>\r\n                    <span class=\"meta-category-small\"><a class=\"post-category-color-text\" style=\"background:#05350b\" href=\"https:\/\/www.culture.gouv.sn\/index.php\/category\/projets_en_cours_de_realisation\/\">Projets en cours de r\u00e9alisation<\/a><\/span>                                \r\n                <\/div>\r\n                <div class=\"post-entry-content\">                                        \r\n                    <h3 class=\"image-post-title\"><a href=\"https:\/\/www.culture.gouv.sn\/index.php\/2019\/10\/09\/protection-de-lile-de-goree-contre-lerosion-cotiere\/\">\r\n                            Protection de l\u2019\u00eele de Gor\u00e9e contre l\u2019\u00e9rosion c\u00f4ti\u00e8re<\/a><\/h3>\r\n                            <span class=\"jl_post_meta\" itemscope=\"\" itemprop=\"author\" itemtype=\"http:\/\/schema.org\/Person\"><span class=\"jl_author_img_w\" itemprop=\"name\"><img alt='' src='https:\/\/secure.gravatar.com\/avatar\/cc0f0b940557e2eeb10cc64e4182c37a?s=30&#038;d=mm&#038;r=g' srcset='https:\/\/secure.gravatar.com\/avatar\/cc0f0b940557e2eeb10cc64e4182c37a?s=60&#038;d=mm&#038;r=g 2x' class='avatar avatar-30 photo' height='30' width='30' loading='lazy'\/><a href=\"https:\/\/www.culture.gouv.sn\/index.php\/author\/admin1326\/\" title=\"Articles par MJSC\" rel=\"author\">MJSC<\/a><\/span><span class=\"post-date\"><i class=\"fa fa-clock-o\"><\/i>9 octobre 2019<\/span><\/span><\/span>                <div class=\"content_post_grid\">\r\n                <p>Porteur:\u00a0 Direction du Patrimoine Culturel Objectif: Prot\u00e9ger et sauvegarder l\u2019\u00eele-m\u00e9moire de Gor\u00e9e contre les effets du changement climatique. D\u00e9but...<\/p>\r\n                <\/div>\r\n                <\/div>\r\n                <\/div>\r\n            <\/div>\r\n            <\/div>\r\n\r\n\r\n\r\n    <div class=\" jelly_homepage_builder homepage_builder_3grid_post jl_cus_grid2 jl_fontsize22 colstyle1\">\r\n<div class=\"col-md-4 blog_grid_post_style  jl_row_6\">\r\n             <div class=\"jl_grid_box_wrapper\">\r\n                <div class=\"image-post-thumb\">\r\n                    <a href=\"https:\/\/www.culture.gouv.sn\/index.php\/2019\/07\/24\/this-guitar-sound-is-so-good-and-i-need-it-more\/\" class=\"link_image featured-thumbnail\" title=\"Construction de la Biblioth\u00e8que Nationale\">\r\n                        <img class=\"no_feature_img\" src=\"https:\/\/www.culture.gouv.sn\/wp-content\/themes\/disto\/img\/feature_img\/carousel-image-header-style.jpg\">                        <div class=\"background_over_image\"><\/div>\r\n                    <\/a>\r\n                    <span class=\"meta-category-small\"><a class=\"post-category-color-text\" style=\"background:#05350b\" href=\"https:\/\/www.culture.gouv.sn\/index.php\/category\/projets_en_cours_de_realisation\/\">Projets en cours de r\u00e9alisation<\/a><\/span>                                \r\n                <\/div>\r\n                <div class=\"post-entry-content\">                                        \r\n                    <h3 class=\"image-post-title\"><a href=\"https:\/\/www.culture.gouv.sn\/index.php\/2019\/07\/24\/this-guitar-sound-is-so-good-and-i-need-it-more\/\">\r\n                            Construction de la Biblioth\u00e8que Nationale<\/a><\/h3>\r\n                            <span class=\"jl_post_meta\" itemscope=\"\" itemprop=\"author\" itemtype=\"http:\/\/schema.org\/Person\"><span class=\"jl_author_img_w\" itemprop=\"name\"><img alt='' src='https:\/\/secure.gravatar.com\/avatar\/cc0f0b940557e2eeb10cc64e4182c37a?s=30&#038;d=mm&#038;r=g' srcset='https:\/\/secure.gravatar.com\/avatar\/cc0f0b940557e2eeb10cc64e4182c37a?s=60&#038;d=mm&#038;r=g 2x' class='avatar avatar-30 photo' height='30' width='30' loading='lazy'\/><a href=\"https:\/\/www.culture.gouv.sn\/index.php\/author\/admin1326\/\" title=\"Articles par MJSC\" rel=\"author\">MJSC<\/a><\/span><span class=\"post-date\"><i class=\"fa fa-clock-o\"><\/i>24 juillet 2019<\/span><\/span><\/span>                <div class=\"content_post_grid\">\r\n                <p><\/p>\r\n                <\/div>\r\n                <\/div>\r\n                <\/div>\r\n            <\/div>\r\n            <\/div>\r\n\r\n\r\n\r\n    <div class=\" jelly_homepage_builder homepage_builder_3grid_post jl_cus_grid2 jl_fontsize22 colstyle1\">\r\n<div class=\"col-md-4 blog_grid_post_style  jl_row_7\">\r\n             <div class=\"jl_grid_box_wrapper\">\r\n                <div class=\"image-post-thumb\">\r\n                    <a href=\"https:\/\/www.culture.gouv.sn\/index.php\/2019\/07\/24\/sitting-right-here-waiting-for-you-come-to-me\/\" class=\"link_image featured-thumbnail\" title=\"M\u00e9morial Le Joola\">\r\n                        <img width=\"780\" height=\"450\" src=\"https:\/\/www.culture.gouv.sn\/wp-content\/uploads\/2016\/12\/joola-780x450.png\" class=\"attachment-disto_large_feature_image size-disto_large_feature_image wp-post-image\" alt=\"\" loading=\"lazy\" \/>                        <div class=\"background_over_image\"><\/div>\r\n                    <\/a>\r\n                    <span class=\"meta-category-small\"><a class=\"post-category-color-text\" style=\"background:#05350b\" href=\"https:\/\/www.culture.gouv.sn\/index.php\/category\/projets_en_cours_de_realisation\/\">Projets en cours de r\u00e9alisation<\/a><\/span>                                \r\n                <\/div>\r\n                <div class=\"post-entry-content\">                                        \r\n                    <h3 class=\"image-post-title\"><a href=\"https:\/\/www.culture.gouv.sn\/index.php\/2019\/07\/24\/sitting-right-here-waiting-for-you-come-to-me\/\">\r\n                            M\u00e9morial Le Joola<\/a><\/h3>\r\n                            <span class=\"jl_post_meta\" itemscope=\"\" itemprop=\"author\" itemtype=\"http:\/\/schema.org\/Person\"><span class=\"jl_author_img_w\" itemprop=\"name\"><img alt='' src='https:\/\/secure.gravatar.com\/avatar\/cc0f0b940557e2eeb10cc64e4182c37a?s=30&#038;d=mm&#038;r=g' srcset='https:\/\/secure.gravatar.com\/avatar\/cc0f0b940557e2eeb10cc64e4182c37a?s=60&#038;d=mm&#038;r=g 2x' class='avatar avatar-30 photo' height='30' width='30' loading='lazy'\/><a href=\"https:\/\/www.culture.gouv.sn\/index.php\/author\/admin1326\/\" title=\"Articles par MJSC\" rel=\"author\">MJSC<\/a><\/span><span class=\"post-date\"><i class=\"fa fa-clock-o\"><\/i>24 juillet 2019<\/span><\/span><\/span>                <div class=\"content_post_grid\">\r\n                <p><\/p>\r\n                <\/div>\r\n                <\/div>\r\n                <\/div>\r\n            <\/div>\r\n            <\/div>\r\n\r\n\r\n\r\n    <div class=\" jelly_homepage_builder homepage_builder_3grid_post jl_cus_grid2 jl_fontsize22 colstyle1\">\r\n<div class=\"col-md-4 blog_grid_post_style  jl_row_8\">\r\n             <div class=\"jl_grid_box_wrapper\">\r\n                <div class=\"image-post-thumb\">\r\n                    <a href=\"https:\/\/www.culture.gouv.sn\/index.php\/2019\/07\/24\/memo-goree\/\" class=\"link_image featured-thumbnail\" title=\"Revitalisation de la maison des esclaves de Gor\u00e9e\">\r\n                        <img width=\"780\" height=\"450\" src=\"https:\/\/www.culture.gouv.sn\/wp-content\/uploads\/2016\/12\/gor\u00e9e-780x450.png\" class=\"attachment-disto_large_feature_image size-disto_large_feature_image wp-post-image\" alt=\"\" loading=\"lazy\" \/>                        <div class=\"background_over_image\"><\/div>\r\n                    <\/a>\r\n                    <span class=\"meta-category-small\"><a class=\"post-category-color-text\" style=\"background:#05350b\" href=\"https:\/\/www.culture.gouv.sn\/index.php\/category\/projets_en_cours_de_realisation\/\">Projets en cours de r\u00e9alisation<\/a><\/span>                                \r\n                <\/div>\r\n                <div class=\"post-entry-content\">                                        \r\n                    <h3 class=\"image-post-title\"><a href=\"https:\/\/www.culture.gouv.sn\/index.php\/2019\/07\/24\/memo-goree\/\">\r\n                            Revitalisation de la maison des esclaves de Gor\u00e9e<\/a><\/h3>\r\n                            <span class=\"jl_post_meta\" itemscope=\"\" itemprop=\"author\" itemtype=\"http:\/\/schema.org\/Person\"><span class=\"jl_author_img_w\" itemprop=\"name\"><img alt='' src='https:\/\/secure.gravatar.com\/avatar\/cc0f0b940557e2eeb10cc64e4182c37a?s=30&#038;d=mm&#038;r=g' srcset='https:\/\/secure.gravatar.com\/avatar\/cc0f0b940557e2eeb10cc64e4182c37a?s=60&#038;d=mm&#038;r=g 2x' class='avatar avatar-30 photo' height='30' width='30' loading='lazy'\/><a href=\"https:\/\/www.culture.gouv.sn\/index.php\/author\/admin1326\/\" title=\"Articles par MJSC\" rel=\"author\">MJSC<\/a><\/span><span class=\"post-date\"><i class=\"fa fa-clock-o\"><\/i>24 juillet 2019<\/span><\/span><\/span>                <div class=\"content_post_grid\">\r\n                <p><\/p>\r\n                <\/div>\r\n                <\/div>\r\n                <\/div>\r\n            <\/div>\r\n            <\/div>\r\n\r\n\r\n\r\n    <div class=\"jl-loadmore-btn-w\"><a href=\"#\" class=\"jl_btn_load\">Voir Plus<\/a><\/div><\/div>\r\n<\/div>\r\n<\/div><div id=\"pgc-4779-1-1\"  class=\"panel-grid-cell\" ><div id=\"panel-4779-1-1-0\" class=\"so-panel widget widget_socialcountplus panel-first-child\" data-index=\"2\" ><div class=\"social-count-plus\"><ul class=\"default\"><li class=\"count-comments\"><a class=\"icon\" href=\"http:\/\/www.cultureetcommunication.sn\" rel=\"nofollow noopener noreferrer\"><\/a><span class=\"items\"><span class=\"count\" style=\"color: #333333 !important;\">0<\/span><span class=\"label\" style=\"color: #333333 !important;\">comments<\/span><\/span><\/li><li class=\"count-posts\"><a class=\"icon\" href=\"http:\/\/www.cultureetcommunication.sn\" rel=\"nofollow noopener noreferrer\"><\/a><span class=\"items\"><span class=\"count\" style=\"color: #333333 !important;\">406<\/span><span class=\"label\" style=\"color: #333333 !important;\">articles<\/span><\/span><\/li><li class=\"count-users\"><a class=\"icon\" href=\"http:\/\/www.cultureetcommunication.sn\" rel=\"nofollow noopener noreferrer\"><\/a><span class=\"items\"><span class=\"count\" style=\"color: #333333 !important;\">2366<\/span><span class=\"label\" style=\"color: #333333 !important;\">Utilisateur(s)<\/span><\/span><\/li><li class=\"count-facebook\"><a class=\"icon\" href=\"https:\/\/www.facebook.com\/MCCSenegal\" rel=\"nofollow noopener noreferrer\" target=\"_blank\"><\/a><span class=\"items\"><span class=\"count\" style=\"color: #333333 !important;\">0<\/span><span class=\"label\" style=\"color: #333333 !important;\">likes<\/span><\/span><\/li><li class=\"count-twitter\"><a class=\"icon\" href=\"https:\/\/twitter.com\/MCC_SN\" rel=\"nofollow noopener noreferrer\" target=\"_blank\"><\/a><span class=\"items\"><span class=\"count\" style=\"color: #333333 !important;\">0<\/span><span class=\"label\" style=\"color: #333333 !important;\">followers<\/span><\/span><\/li><li class=\"count-googleplus\"><a class=\"icon\" href=\"https:\/\/plus.google.com\/\" rel=\"nofollow noopener noreferrer\" target=\"_blank\"><\/a><span class=\"items\"><span class=\"count\" style=\"color: #333333 !important;\">0<\/span><span class=\"label\" style=\"color: #333333 !important;\">followers<\/span><\/span><\/li><li class=\"count-youtube\"><a class=\"icon\" href=\"https:\/\/www.youtube.com\/channel\/UCSnzVO5GNkk-o0cba0y3LVQ?view_as=subscriber\" rel=\"nofollow noopener noreferrer\" target=\"_blank\"><\/a><span class=\"items\"><span class=\"count\" style=\"color: #333333 !important;\">5<\/span><span class=\"label\" style=\"color: #333333 !important;\">subscribers<\/span><\/span><\/li><\/ul><\/div><\/div><span class=\"jl_none_space\"><\/span><div id=\"panel-4779-1-1-1\" class=\"so-panel widget widget_disto_category_image_widget_register jellywp_cat_image\" data-index=\"3\" >\r\n<div class=\"wrapper_category_image\">\r\n    <div class=\"category_image_wrapper_main\"><div class=\"category_image_bg_image\"><a class=\"category_image_link\" id=\"category_color_2\" href=\"https:\/\/www.culture.gouv.sn\/index.php\/category\/actualites\/\"><span class=\"jl_cm_overlay\"><span class=\"jl_cm_name\">Actualit\u00e9s<\/span><span class=\"jl_cm_count\">382<\/span><\/span><\/a><div class=\"category_image_bg_overlay\" style=\"background: #dd3333;\"><\/div><\/div><div class=\"category_image_bg_image\"><a class=\"category_image_link\" id=\"category_color_3\" href=\"https:\/\/www.culture.gouv.sn\/index.php\/category\/ademarche\/\"><span class=\"jl_cm_overlay\"><span class=\"jl_cm_name\">Aide et D\u00e9marche<\/span><span class=\"jl_cm_count\">10<\/span><\/span><\/a><div class=\"category_image_bg_overlay\" style=\"background: #1e73be;\"><\/div><\/div><div class=\"category_image_bg_image\"><a class=\"category_image_link\" id=\"category_color_87\" href=\"https:\/\/www.culture.gouv.sn\/index.php\/category\/arts-vivants\/\"><span class=\"jl_cm_overlay\"><span class=\"jl_cm_name\">Arts Vivants<\/span><span class=\"jl_cm_count\">5<\/span><\/span><\/a><div class=\"category_image_bg_overlay\" style=\"background: #4b4c11;\"><\/div><\/div><\/div>\r\n    <span class=\"jl_none_space\"><\/span><\/div><\/div><span class=\"jl_none_space\"><\/span><div id=\"panel-4779-1-1-2\" class=\"so-panel widget widget_disto_recent_post_widget post_list_widget panel-last-child\" data-index=\"4\" ><div class=\"widget_jl_wrapper\"><span class=\"jl_none_space\"><\/span><h3 class=\"widget-title\">Recent Posts<\/h3><div><ul class=\"feature-post-list recent-post-widget\">\r\n<li>\r\n    <a href=\"https:\/\/www.culture.gouv.sn\/index.php\/2024\/06\/10\/journee-de-temoignage-de-buur-sine-en-faveur-de-serigne-touba\/\" class=\"jl_small_format feature-image-link image_post featured-thumbnail\" title=\"Journ\u00e9e de t\u00e9moignage de Buur Sine en faveur de Serigne Touba\">\r\n        <span class=\"jl_small_list_num\">1<\/span>        <img width=\"120\" height=\"120\" src=\"https:\/\/www.culture.gouv.sn\/wp-content\/uploads\/2024\/06\/IMG-20240609-WA0006-120x120.jpg\" class=\"attachment-disto_small_feature size-disto_small_feature wp-post-image\" alt=\"\" loading=\"lazy\" srcset=\"https:\/\/www.culture.gouv.sn\/wp-content\/uploads\/2024\/06\/IMG-20240609-WA0006-120x120.jpg 120w, https:\/\/www.culture.gouv.sn\/wp-content\/uploads\/2024\/06\/IMG-20240609-WA0006-150x150.jpg 150w, https:\/\/www.culture.gouv.sn\/wp-content\/uploads\/2024\/06\/IMG-20240609-WA0006-300x300.jpg 300w, https:\/\/www.culture.gouv.sn\/wp-content\/uploads\/2024\/06\/IMG-20240609-WA0006-100x100.jpg 100w\" sizes=\"(max-width: 120px) 100vw, 120px\" \/>        <div class=\"background_over_image\"><\/div>\r\n    <\/a>\r\n    <div class=\"item-details\">\r\n<span class=\"meta-category-small\"><a class=\"post-category-color-text\" style=\"background:#dd3333\" href=\"https:\/\/www.culture.gouv.sn\/index.php\/category\/actualites\/\">Actualit\u00e9s<\/a><\/span>        <h3 class=\"feature-post-title\"><a href=\"https:\/\/www.culture.gouv.sn\/index.php\/2024\/06\/10\/journee-de-temoignage-de-buur-sine-en-faveur-de-serigne-touba\/\">\r\n                Journ\u00e9e de t\u00e9moignage de Buur Sine en faveur de Serigne Touba<\/a><\/h3>\r\n        <span class=\"post-meta meta-main-img auto_image_with_date\">                             <span class=\"post-date\"><i class=\"fa fa-clock-o\"><\/i>10 juin 2024<\/span><\/span>    <\/div>\r\n<\/li>\r\n\r\n\r\n\r\n<li>\r\n    <a href=\"https:\/\/www.culture.gouv.sn\/index.php\/2024\/06\/07\/cultures-urbaines-visite-de-travail-au-fdcuic\/\" class=\"jl_small_format feature-image-link image_post featured-thumbnail\" title=\"Cultures Urbaines: Visite de travail au FDCUIC\">\r\n        <span class=\"jl_small_list_num\">2<\/span>        <img width=\"120\" height=\"120\" src=\"https:\/\/www.culture.gouv.sn\/wp-content\/uploads\/2024\/06\/IMG-20240606-WA0021-120x120.jpg\" class=\"attachment-disto_small_feature size-disto_small_feature wp-post-image\" alt=\"\" loading=\"lazy\" srcset=\"https:\/\/www.culture.gouv.sn\/wp-content\/uploads\/2024\/06\/IMG-20240606-WA0021-120x120.jpg 120w, https:\/\/www.culture.gouv.sn\/wp-content\/uploads\/2024\/06\/IMG-20240606-WA0021-150x150.jpg 150w, https:\/\/www.culture.gouv.sn\/wp-content\/uploads\/2024\/06\/IMG-20240606-WA0021-300x300.jpg 300w, https:\/\/www.culture.gouv.sn\/wp-content\/uploads\/2024\/06\/IMG-20240606-WA0021-100x100.jpg 100w\" sizes=\"(max-width: 120px) 100vw, 120px\" \/>        <div class=\"background_over_image\"><\/div>\r\n    <\/a>\r\n    <div class=\"item-details\">\r\n<span class=\"meta-category-small\"><a class=\"post-category-color-text\" style=\"background:#dd3333\" href=\"https:\/\/www.culture.gouv.sn\/index.php\/category\/actualites\/\">Actualit\u00e9s<\/a><\/span>        <h3 class=\"feature-post-title\"><a href=\"https:\/\/www.culture.gouv.sn\/index.php\/2024\/06\/07\/cultures-urbaines-visite-de-travail-au-fdcuic\/\">\r\n                Cultures Urbaines: Visite de travail au FDCUIC<\/a><\/h3>\r\n        <span class=\"post-meta meta-main-img auto_image_with_date\">                             <span class=\"post-date\"><i class=\"fa fa-clock-o\"><\/i>7 juin 2024<\/span><\/span>    <\/div>\r\n<\/li>\r\n\r\n\r\n\r\n<li>\r\n    <a href=\"https:\/\/www.culture.gouv.sn\/index.php\/2024\/06\/04\/deces-de-mansour-seck-les-condoleances-du-ministre\/\" class=\"jl_small_format feature-image-link image_post featured-thumbnail\" title=\"D\u00e9c\u00e8s de Mansour SECK: Les condol\u00e9ances du Ministre\">\r\n        <span class=\"jl_small_list_num\">3<\/span>        <img width=\"120\" height=\"120\" src=\"https:\/\/www.culture.gouv.sn\/wp-content\/uploads\/2024\/06\/mansour-seck350-120x120.png\" class=\"attachment-disto_small_feature size-disto_small_feature wp-post-image\" alt=\"\" loading=\"lazy\" srcset=\"https:\/\/www.culture.gouv.sn\/wp-content\/uploads\/2024\/06\/mansour-seck350-120x120.png 120w, https:\/\/www.culture.gouv.sn\/wp-content\/uploads\/2024\/06\/mansour-seck350-150x150.png 150w, https:\/\/www.culture.gouv.sn\/wp-content\/uploads\/2024\/06\/mansour-seck350-100x100.png 100w\" sizes=\"(max-width: 120px) 100vw, 120px\" \/>        <div class=\"background_over_image\"><\/div>\r\n    <\/a>\r\n    <div class=\"item-details\">\r\n<span class=\"meta-category-small\"><a class=\"post-category-color-text\" style=\"background:#dd3333\" href=\"https:\/\/www.culture.gouv.sn\/index.php\/category\/actualites\/\">Actualit\u00e9s<\/a><\/span>        <h3 class=\"feature-post-title\"><a href=\"https:\/\/www.culture.gouv.sn\/index.php\/2024\/06\/04\/deces-de-mansour-seck-les-condoleances-du-ministre\/\">\r\n                D\u00e9c\u00e8s de Mansour SECK: Les condol\u00e9ances du Ministre<\/a><\/h3>\r\n        <span class=\"post-meta meta-main-img auto_image_with_date\">                             <span class=\"post-date\"><i class=\"fa fa-clock-o\"><\/i>4 juin 2024<\/span><\/span>    <\/div>\r\n<\/li>\r\n\r\n\r\n<\/ul>\n<\/div>\n<span class=\"jl_none_space\"><\/span><\/div><\/div><\/div><\/div><\/div><\/div>","protected":false},"excerpt":{"rendered":"<p>D\u00e9c\u00e8s de Mansour SECK: Les condol\u00e9ances du Ministre Cliquez ici: Condol\u00e9ances-Ministre<\/p>\n","protected":false},"author":1,"featured_media":0,"parent":0,"menu_order":0,"comment_status":"closed","ping_status":"closed","template":"home-page-builder.php","meta":{"ngg_post_thumbnail":0},"_links":{"self":[{"href":"https:\/\/www.culture.gouv.sn\/index.php\/wp-json\/wp\/v2\/pages\/4779"}],"collection":[{"href":"https:\/\/www.culture.gouv.sn\/index.php\/wp-json\/wp\/v2\/pages"}],"about":[{"href":"https:\/\/www.culture.gouv.sn\/index.php\/wp-json\/wp\/v2\/types\/page"}],"author":[{"embeddable":true,"href":"https:\/\/www.culture.gouv.sn\/index.php\/wp-json\/wp\/v2\/users\/1"}],"replies":[{"embeddable":true,"href":"https:\/\/www.culture.gouv.sn\/index.php\/wp-json\/wp\/v2\/comments?post=4779"}],"version-history":[{"count":1,"href":"https:\/\/www.culture.gouv.sn\/index.php\/wp-json\/wp\/v2\/pages\/4779\/revisions"}],"predecessor-version":[{"id":10434,"href":"https:\/\/www.culture.gouv.sn\/index.php\/wp-json\/wp\/v2\/pages\/4779\/revisions\/10434"}],"wp:attachment":[{"href":"https:\/\/www.culture.gouv.sn\/index.php\/wp-json\/wp\/v2\/media?parent=4779"}],"curies":[{"name":"wp","href":"https:\/\/api.w.org\/{rel}","templated":true}]}}