{"id":5698,"date":"2019-08-01T12:48:46","date_gmt":"2019-08-01T12:48:46","guid":{"rendered":"http:\/\/www.cultureetcommunication.sn\/?page_id=5698"},"modified":"2019-08-01T12:48:47","modified_gmt":"2019-08-01T12:48:47","slug":"la-maison-des-esclaves","status":"publish","type":"page","link":"https:\/\/www.culture.gouv.sn\/index.php\/la-maison-des-esclaves\/","title":{"rendered":"La maison des esclaves"},"content":{"rendered":"<div id=\"pl-5698\"  class=\"panel-layout\" ><div id=\"pg-5698-0\"  class=\"panel-grid panel-no-style\" ><div id=\"pgc-5698-0-0\"  class=\"panel-grid-cell\" ><div id=\"panel-5698-0-0-0\" class=\"so-panel widget widget_text panel-first-child\" data-index=\"0\" ><h3 class=\"widget-title\">Pr\u00e9sentation<\/h3>\t\t\t<div class=\"textwidget\"><p>La Maison des Esclaves, a \u00e9t\u00e9 construite par les Hollandais en 1776. C&rsquo;est la derni\u00e8re esclaverie existante \u00e0 Gor\u00e9e, la premi\u00e8re ayant \u00e9t\u00e9 b\u00e2tie par les Portugais, premiers europ\u00e9ens \u00e0 venir sur l\u2019\u00eele en 1444.<\/p>\n<p>C\u2019est \u00e0 partir de 1960 et gr\u00e2ce \u00e0 la d\u00e9termination de Boubacar Joseph Ndiaye, le premier conservateur\u00a0de la Maison des Esclaves, que l\u2019attention des m\u00e9dias, des gouvernants et des organismes nationaux \u00a0a \u00e9t\u00e9 attis\u00e9e. L&rsquo;organisation du premier Festival mondial des Arts n\u00e8gres en 1966, a permis de la sortir de l&rsquo;anonymat.<\/p>\n<p>En 1975 Gor\u00e9e est inscrite sur l&rsquo;inventaire des monuments historiques du S\u00e9n\u00e9gal et en 1978 sur la liste du Patrimoine Mondial.<\/p>\n<p>Sous l&rsquo;\u00e9gide de l&rsquo;UNESCO, un timbre fran\u00e7ais consacr\u00e9 \u00e0 la Maison des Esclaves est \u00e9mis en 1980 dans la s\u00e9rie \u00ab Patrimoine mondial \u00bb.<\/p>\n<p>En 1990 celle-ci est restaur\u00e9e avec l&rsquo;aide de l&rsquo;UNESCO, ainsi que de nombreux organismes \u2014 dont la fondation France Libert\u00e9s \u2014 et des fonds priv\u00e9s.<\/p>\n<p>Cette cons\u00e9cration internationale lui a conf\u00e9r\u00e9 une apparence de l\u00e9gitimit\u00e9 et l&rsquo;organisation onusienne est all\u00e9e jusqu&rsquo;\u00e0 la qualifier de \u00ab centre historique du commerce triangulaire \u00bb, la d\u00e9signant comme \u00ab un lieu hautement symbolique de l&rsquo;histoire des peuples \u00bb<\/p>\n<p>La Maison des esclaves de Gor\u00e9e est aussi un lieu de m\u00e9moire touristique. Chaque jour, \u00e0 l&rsquo;exception du lundi, les touristes se pressent \u00e0 l&rsquo;entr\u00e9e. Leur nombre est estim\u00e9 \u00e0 500 par jour, ce qui est consid\u00e9rable si l&rsquo;on sait par ailleurs que le plus grand parc national du S\u00e9n\u00e9gal, le Niokolo-Koba, n&rsquo;en re\u00e7oit que 3 000 par an environ.<\/p>\n<\/div>\n\t\t<\/div><div id=\"panel-5698-0-0-1\" class=\"so-panel widget widget_text panel-last-child\" data-index=\"1\" ><h3 class=\"widget-title\">Contact<\/h3>\t\t\t<div class=\"textwidget\"><h3>Adresse<\/h3>\n<p>\u00eele de Gor\u00e9e<\/p>\n<h3><strong>Conservateur <\/strong><\/h3>\n<p>Eloi Coly<\/p>\n<h3>T\u00e9l\u00e9phones<\/h3>\n<p>+221 77\u00a0649 38 24<\/p>\n<\/div>\n\t\t<\/div><\/div><\/div><\/div>","protected":false},"excerpt":{"rendered":"<p>La Maison des Esclaves, a \u00e9t\u00e9 construite par les Hollandais en 1776. C&rsquo;est la derni\u00e8re esclaverie existante \u00e0 Gor\u00e9e, la premi\u00e8re ayant \u00e9t\u00e9 b\u00e2tie par les Portugais, premiers europ\u00e9ens \u00e0 venir sur l\u2019\u00eele en 1444. C\u2019est \u00e0 partir de 1960 et gr\u00e2ce \u00e0 la d\u00e9termination de Boubacar Joseph Ndiaye, le premier conservateur\u00a0de la Maison des [&hellip;]<\/p>\n","protected":false},"author":1,"featured_media":5235,"parent":0,"menu_order":0,"comment_status":"closed","ping_status":"closed","template":"","meta":{"ngg_post_thumbnail":0},"_links":{"self":[{"href":"https:\/\/www.culture.gouv.sn\/index.php\/wp-json\/wp\/v2\/pages\/5698"}],"collection":[{"href":"https:\/\/www.culture.gouv.sn\/index.php\/wp-json\/wp\/v2\/pages"}],"about":[{"href":"https:\/\/www.culture.gouv.sn\/index.php\/wp-json\/wp\/v2\/types\/page"}],"author":[{"embeddable":true,"href":"https:\/\/www.culture.gouv.sn\/index.php\/wp-json\/wp\/v2\/users\/1"}],"replies":[{"embeddable":true,"href":"https:\/\/www.culture.gouv.sn\/index.php\/wp-json\/wp\/v2\/comments?post=5698"}],"version-history":[{"count":1,"href":"https:\/\/www.culture.gouv.sn\/index.php\/wp-json\/wp\/v2\/pages\/5698\/revisions"}],"predecessor-version":[{"id":5699,"href":"https:\/\/www.culture.gouv.sn\/index.php\/wp-json\/wp\/v2\/pages\/5698\/revisions\/5699"}],"wp:featuredmedia":[{"embeddable":true,"href":"https:\/\/www.culture.gouv.sn\/index.php\/wp-json\/wp\/v2\/media\/5235"}],"wp:attachment":[{"href":"https:\/\/www.culture.gouv.sn\/index.php\/wp-json\/wp\/v2\/media?parent=5698"}],"curies":[{"name":"wp","href":"https:\/\/api.w.org\/{rel}","templated":true}]}}